{"id":82,"date":"2014-03-20T16:04:11","date_gmt":"2014-03-20T15:04:11","guid":{"rendered":"http:\/\/www.servidasenred.net\/net\/?page_id=82"},"modified":"2014-03-28T09:28:10","modified_gmt":"2014-03-28T08:28:10","slug":"buen-vivir","status":"publish","type":"page","link":"https:\/\/www.servidasenred.net\/net\/que-nos-mueve\/buen-vivir\/","title":{"rendered":"buen vivir"},"content":{"rendered":"<p>El concepto del <b>\u00abbuen vivir\u00bb<\/b> toma su terminolog\u00eda \u00absumak kawsay\u00bb de la cosmovisi\u00f3n ancestral quechua de la vida. En su significado quechua original, sumak hace referencia a la realizaci\u00f3n ideal y hermosa del planeta, mientras que kawsay significa \u00abvida\u00bb, una vida digna, en plenitud. El \u00absumak kawsay\u00bb ancestral considera a las personas como un elemento de la Pachamama o Madre Tierra (madre mundo).<\/p>\n<p>As\u00ed, a diferencia de otros paradigmas, el buen vivir moderno, inspirado en la tradici\u00f3n ind\u00edgena, buscar\u00eda el equilibrio con la naturaleza en la satisfacci\u00f3n de las necesidades: \u00abtomar solo lo necesario\u00bb por encima del mero crecimiento econ\u00f3mico.<img loading=\"lazy\" decoding=\"async\" class=\"wp-image-372 alignright\" alt=\"\" src=\"http:\/\/www.servidasenred.net\/net\/wp-content\/uploads\/2014\/03\/buen-vivir.jpg\" width=\"244\" height=\"198\" \/><\/p>\n<p>Aunque<em> El Buen Vivir,<\/em> tal y como se conoce hoy en d\u00eda, nos llega de la mano de algunos de los pueblos originarios de Am\u00e9rica Latina, este concepto con las l\u00f3gicas adaptaciones y matices, tambi\u00e9n formaba parte de la filosof\u00eda cl\u00e1sica europea. En definitiva el ser humano, estuviera donde estuviera, siempre reflexion\u00f3 sobre el <em>vivir bien<\/em>.<\/p>\n<p>Lo que tiene de particular este concepto es que ha aparecido en las Constituciones de Ecuador y Bolivia aprobadas recientemente, en 2008 y 2009 respectivamente. Se plantea como un derecho en Ecuador y un principio \u00e9ticomoral en Bolivia, pero en ambos casos se refieren a ese Buen Vivir o, mejor, a ese Buen Convivir del que algo se ha escrito y publicado ya, present\u00e1ndolo en muchos casos como alternativa al pensamiento desarrollista.<\/p>\n<div class=\"su-note\"  style=\"border-color:#d4c3e5;border-radius:4px;-moz-border-radius:4px;-webkit-border-radius:4px;\"><div class=\"su-note-inner su-u-clearfix su-u-trim\" style=\"background-color:#eeddff;border-color:#ffffff;color:#000000;border-radius:4px;-moz-border-radius:4px;-webkit-border-radius:4px;\">De acuerdo con el Plan Nacional del Buen Vivir para la Rep\u00fablica del Ecuador (2009-2013), los elementos que lo constituyen son: . la satisfacci\u00f3n de las necesidades\u00a0 . calidad de vida\u00a0 . muerte digna\u00a0 . amar y ser amad@\u00a0 . florecimiento saludable de la comunidad en armon\u00eda con la naturaleza\u00a0 . prolongaci\u00f3n indefinida de las culturas\u00a0 . tiempo libre para la contemplaci\u00f3n . la emancipaci\u00f3n y ampliaci\u00f3n de las libertades, capacidades y potencialidades.<\/div><\/div>\n<blockquote><p>Los aymaras recogen estos <strong>trece principios como base del <em>Sumaq Kawsay<\/em><\/strong>,\u00a0 <em>El Buen Vivir<\/em>.<\/p>\n<ul>\n<li>Saber comer (Suma Manqa\u00f1a)<\/li>\n<li>Saber beber (Suma Uma\u00f1a)<\/li>\n<li>Saber danzar (Suma Thoko\u00f1a)<\/li>\n<li>Saber dormir (suma Iki\u00f1a)<\/li>\n<li>Saber trabajar (Suma Irnaka\u00f1a)<\/li>\n<li>Saber meditar (Suma Lupi\u00f1a)<\/li>\n<li>Saber pensar (Suma Amuya\u00f1a)<\/li>\n<li>Saber amar y ser amado (Suma Ma\u00f1ana Munayasi\u00f1a)<\/li>\n<li>Saber escuchar (Suma Ista\u00f1a)<\/li>\n<li>Saber hablar (Suma Aruskipa\u00f1a)<\/li>\n<li>Saber so\u00f1ar (Suma Semakasi\u00f1a)<\/li>\n<li>Saber caminar (Suma Sarnaka\u00f1a)<\/li>\n<li>Saber dar y recibir (Suma Chura\u00f1a, Suma Katuka\u00f1a)<\/li>\n<\/ul>\n<\/blockquote>\n<div id=\"su_carousel_69f28eae9e419\" class=\"su-carousel su-carousel-centered su-carousel-pages-no su-carousel-responsive-no\" style=\"width:360px;height:270px\" data-autoplay=\"1\" data-speed=\"5000\" data-mousewheel=\"false\" data-items=\"1\" data-scroll=\"1\"><div class=\"su-carousel-slides\"><div class=\"su-carousel-slide\"><a><img decoding=\"async\" src=\"https:\/\/www.servidasenred.net\/net\/wp-content\/uploads\/2014\/03\/1-saber-comer-342x270.jpg\" alt=\"1 saber comer\" \/><span class=\"su-carousel-slide-title\">1 saber comer<\/span><\/a><\/div><div class=\"su-carousel-slide\"><a><img decoding=\"async\" src=\"https:\/\/www.servidasenred.net\/net\/wp-content\/uploads\/2014\/03\/2-saber-beber-342x270.jpg\" alt=\"2 saber beber\" \/><span class=\"su-carousel-slide-title\">2 saber beber<\/span><\/a><\/div><div class=\"su-carousel-slide\"><a><img decoding=\"async\" src=\"https:\/\/www.servidasenred.net\/net\/wp-content\/uploads\/2014\/03\/3-saber-danzar-342x270.jpg\" alt=\"3 saber danzar\" \/><span class=\"su-carousel-slide-title\">3 saber danzar<\/span><\/a><\/div><div class=\"su-carousel-slide\"><a><img decoding=\"async\" src=\"https:\/\/www.servidasenred.net\/net\/wp-content\/uploads\/2014\/03\/4-saber-dormir-342x270.jpg\" alt=\"4 saber dormir\" \/><span class=\"su-carousel-slide-title\">4 saber dormir<\/span><\/a><\/div><div class=\"su-carousel-slide\"><a><img decoding=\"async\" src=\"https:\/\/www.servidasenred.net\/net\/wp-content\/uploads\/2014\/03\/5-saber-trabajar-342x270.jpg\" alt=\"5 saber trabajar\" \/><span class=\"su-carousel-slide-title\">5 saber trabajar<\/span><\/a><\/div><div class=\"su-carousel-slide\"><a><img decoding=\"async\" src=\"https:\/\/www.servidasenred.net\/net\/wp-content\/uploads\/2014\/03\/6-saber-meditar-342x270.jpg\" alt=\"6 saber meditar\" \/><span class=\"su-carousel-slide-title\">6 saber meditar<\/span><\/a><\/div><div class=\"su-carousel-slide\"><a><img decoding=\"async\" src=\"https:\/\/www.servidasenred.net\/net\/wp-content\/uploads\/2014\/03\/7-saber-pensar-342x270.jpg\" alt=\"7 saber pensar\" \/><span class=\"su-carousel-slide-title\">7 saber pensar<\/span><\/a><\/div><div class=\"su-carousel-slide\"><a><img decoding=\"async\" src=\"https:\/\/www.servidasenred.net\/net\/wp-content\/uploads\/2014\/03\/8-saber-amar-y-ser-amad@-342x270.jpg\" alt=\"8 saber amar y ser amad@\" \/><span class=\"su-carousel-slide-title\">8 saber amar y ser amad@<\/span><\/a><\/div><div class=\"su-carousel-slide\"><a><img decoding=\"async\" src=\"https:\/\/www.servidasenred.net\/net\/wp-content\/uploads\/2014\/03\/9-saber-escuchar-342x270.jpg\" alt=\"9 saber escuchar\" \/><span class=\"su-carousel-slide-title\">9 saber escuchar<\/span><\/a><\/div><div class=\"su-carousel-slide\"><a><img decoding=\"async\" src=\"https:\/\/www.servidasenred.net\/net\/wp-content\/uploads\/2014\/03\/10-saber-hablar-342x270.jpg\" alt=\"10 saber hablar\" \/><span class=\"su-carousel-slide-title\">10 saber hablar<\/span><\/a><\/div><div class=\"su-carousel-slide\"><a><img decoding=\"async\" src=\"https:\/\/www.servidasenred.net\/net\/wp-content\/uploads\/2014\/03\/11-saber-so\u00f1ar-342x270.png\" alt=\"11 saber so\u00f1ar\" \/><span class=\"su-carousel-slide-title\">11 saber so\u00f1ar<\/span><\/a><\/div><div class=\"su-carousel-slide\"><a><img decoding=\"async\" src=\"https:\/\/www.servidasenred.net\/net\/wp-content\/uploads\/2014\/03\/12-saber-caminar-342x270.jpg\" alt=\"12 saber caminar\" \/><span class=\"su-carousel-slide-title\">12 saber caminar<\/span><\/a><\/div><div class=\"su-carousel-slide\"><a><img decoding=\"async\" src=\"https:\/\/www.servidasenred.net\/net\/wp-content\/uploads\/2014\/03\/13-saber-dar-y-recibir-342x270.jpg\" alt=\"13 saber dar y recibir\" \/><span class=\"su-carousel-slide-title\">13 saber dar y recibir<\/span><\/a><\/div><\/div><div class=\"su-carousel-nav\"><div class=\"su-carousel-direction\"><span class=\"su-carousel-prev\"><\/span><span class=\"su-carousel-next\"><\/span><\/div><div class=\"su-carousel-pagination\"><\/div><\/div><\/div>\n<p>Sumak Kawsay tiene importancia en primer lugar en el terreno simb\u00f3lico: los que fueron marginados por conquistadores y criollos aportan ahora desde su visi\u00f3n del mundo palabras que pretenden colaborar con la<br \/>\nsoluci\u00f3n de los problemas creados por aquellos. Y, en segundo lugar, porque se\u00f1alan d\u00f3nde han podido estar los errores del llamado desarrollo. El hecho de que hayan encontrado su camino para aparecer en estas dos constituciones puede ser una ocasi\u00f3n m\u00e1s para repensar el desarrollo, desde la periferia y no s\u00f3lo desde el<br \/>\ncentro, y desde los marginados de la periferia y no s\u00f3lo desde sus \u00e9lites. El resultado es prometedor.<\/p>\n<p>Para saber m\u00e1s invitamos a la lectura del <a title=\"Enfoques sobre bienestar y buen vivir\" href=\"http:\/\/www.fuhem.es\/media\/cdv\/file\/biblioteca\/Dossier\/Dossier_Enfoques_sobre_bienestar_y_buen_vivir.pdf\" target=\"_blank\">Dossier Bienestar y Buen Vivir editado por el Centro de Investigaci\u00f3n para la Paz.<\/a><\/p>\n","protected":false},"excerpt":{"rendered":"<p>El concepto del \u00abbuen vivir\u00bb toma su terminolog\u00eda \u00absumak kawsay\u00bb de la cosmovisi\u00f3n ancestral quechua de la vida. En su significado quechua original, sumak hace referencia a la realizaci\u00f3n ideal y hermosa del planeta, mientras que kawsay significa \u00abvida\u00bb, una&#8230;<\/p>\n","protected":false},"author":2,"featured_media":0,"parent":80,"menu_order":21,"comment_status":"closed","ping_status":"closed","template":"","meta":{"footnotes":""},"_links":{"self":[{"href":"https:\/\/www.servidasenred.net\/net\/wp-json\/wp\/v2\/pages\/82"}],"collection":[{"href":"https:\/\/www.servidasenred.net\/net\/wp-json\/wp\/v2\/pages"}],"about":[{"href":"https:\/\/www.servidasenred.net\/net\/wp-json\/wp\/v2\/types\/page"}],"author":[{"embeddable":true,"href":"https:\/\/www.servidasenred.net\/net\/wp-json\/wp\/v2\/users\/2"}],"replies":[{"embeddable":true,"href":"https:\/\/www.servidasenred.net\/net\/wp-json\/wp\/v2\/comments?post=82"}],"version-history":[{"count":0,"href":"https:\/\/www.servidasenred.net\/net\/wp-json\/wp\/v2\/pages\/82\/revisions"}],"up":[{"embeddable":true,"href":"https:\/\/www.servidasenred.net\/net\/wp-json\/wp\/v2\/pages\/80"}],"wp:attachment":[{"href":"https:\/\/www.servidasenred.net\/net\/wp-json\/wp\/v2\/media?parent=82"}],"curies":[{"name":"wp","href":"https:\/\/api.w.org\/{rel}","templated":true}]}}