{"id":88,"date":"2014-03-20T16:06:30","date_gmt":"2014-03-20T15:06:30","guid":{"rendered":"http:\/\/www.servidasenred.net\/net\/?page_id=88"},"modified":"2014-03-28T09:28:32","modified_gmt":"2014-03-28T08:28:32","slug":"economia-solidaria","status":"publish","type":"page","link":"https:\/\/www.servidasenred.net\/net\/que-nos-mueve\/economia-solidaria\/","title":{"rendered":"econom\u00eda solidaria"},"content":{"rendered":"<p><a title=\"reas\" href=\"http:\/\/www.economiasolidaria.org\/red_redes\" target=\"_blank\"><img loading=\"lazy\" decoding=\"async\" class=\"wp-image-1241 alignleft\" title=\"Visitar Web\" alt=\"\" src=\"http:\/\/www.servidasenred.net\/net\/wp-content\/uploads\/2014\/03\/reasredderedes-400x153.png\" width=\"203\" height=\"77\" srcset=\"https:\/\/www.servidasenred.net\/net\/wp-content\/uploads\/2014\/03\/reasredderedes-400x153.png 400w, https:\/\/www.servidasenred.net\/net\/wp-content\/uploads\/2014\/03\/reasredderedes.png 567w\" sizes=\"(max-width: 203px) 100vw, 203px\" \/><\/a>Joelle Palmieri, Dominique Foufelle han sido co-fundadoras de Les P\u00e9n\u00e9lopes, una agencia de prensa internacional feminista. Es particularmente interesante este art\u00edculo:\u00a0 <a title=\"Feminismo y econom\u00eda social y solidaria\" href=\"http:\/\/www.ciudaddemujeres.com\/articulos\/Feminismo-y-economia-social-y\" target=\"_blank\">Feminismo y econom\u00eda social y solidaria<\/a> cedido expresamente por las autoras para <a title=\"Ciudad de mujeres\" href=\"http:\/\/www.ciudaddemujeres.com\/\" target=\"_blank\">Ciudad de Mujeres.<\/a><\/p>\n<p>&nbsp;<\/p>\n<p>La econom\u00eda solidaria promueve la igualdad en la organizaci\u00f3n econ\u00f3mica, garantizando las condiciones de trabajo y remuneraci\u00f3n digna en empleos estables y erradicando el trabajo infantil.<\/p>\n<p>Tambi\u00e9n potencia sistemas de producci\u00f3n sostenible y respetuosa con el medio ambiente, favoreciendo la cooperaci\u00f3n frente a la competitividad.<\/p>\n<h5 style=\"text-align: left;\">Por otro lado, prioriza la promoci\u00f3n humana y social, minimizando el \u00e1nimo de lucro, impulsando el compromiso social con el entorno.<\/h5>\n<p>&nbsp;<\/p>\n<div class=\"su-note\"  style=\"border-color:#d4c3e5;border-radius:4px;-moz-border-radius:4px;-webkit-border-radius:4px;\"><div class=\"su-note-inner su-u-clearfix su-u-trim\" style=\"background-color:#eeddff;border-color:#ffffff;color:#000000;border-radius:4px;-moz-border-radius:4px;-webkit-border-radius:4px;\">A veces es mejor decrecer econ\u00f3micamente para poder crecer personalmente. A veces hay quien prefiere dejar de acumular riqueza para s\u00ed y vuelve su mirada hacia la posibilidad de aportar riqueza para los dem\u00e1s. A veces se quiere crecer en un proyecto s\u00f3lo cuando te das cuenta de que est\u00e1s preparad@ para ir m\u00e1s all\u00e1. A veces no se persigue que un proyecto crezca, sino simplemente que permanezca, para crecer en \u00e9l.<\/div><\/div>\n<p><img loading=\"lazy\" decoding=\"async\" class=\"wp-image-386 alignright\" alt=\"cooperativistas\" src=\"http:\/\/www.servidasenred.net\/net\/wp-content\/uploads\/2014\/03\/cooperativistas-400x300.jpg\" width=\"282\" height=\"210\" \/><\/p>\n<blockquote><p>&nbsp;<\/p>\n<p>Cuando las mujeres hablamos de econom\u00eda, hablamos tambi\u00e9n de salud, de educaci\u00f3n, de cultura, alimentaci\u00f3n, de custodia de hijos, de cuidados a l@s abuel@s, de profesiones no tradicionales, de poder, de violencia, de guerra, de rentas escasas, de precariedad, de trabajo del sexo, de divisi\u00f3n de las tareas dom\u00e9sticas&#8230;<\/p>\n<p>&nbsp;<\/p><\/blockquote>\n<p>Valorar los saberes tradicionales, indispensables para la vida aunque a menudo despreciados -incluso por las propias mujeres-, es el camino m\u00e1s corto hacia la reconquista del aprecio de una misma.<\/p>\n<p>&nbsp;<\/p>\n<p>Las mujeres a menudo practican la econom\u00eda solidaria sin reconocimiento alguno para:<\/p>\n<p>&#8211; Obtener rentas para, en muchos casos, mantener su familia.<\/p>\n<p>&#8211; Crear su propio empleo al ser rechazadas por el mercado de trabajo.<\/p>\n<p>&#8211; Agruparse ya que ning\u00fan banco concede cr\u00e9dito a las pobres.<\/p>\n<div id=\"attachment_390\" style=\"width: 200px\" class=\"wp-caption alignleft\"><a href=\"http:\/\/www.servidasenred.net\/net\/wp-content\/uploads\/2014\/03\/BiOsp3aIgAAjxoz.jpg\"><img loading=\"lazy\" decoding=\"async\" aria-describedby=\"caption-attachment-390\" class=\" wp-image-390     \" title=\"Aumentar imagen\" alt=\"\" src=\"http:\/\/www.servidasenred.net\/net\/wp-content\/uploads\/2014\/03\/BiOsp3aIgAAjxoz-303x400.jpg\" width=\"190\" height=\"251\" srcset=\"https:\/\/www.servidasenred.net\/net\/wp-content\/uploads\/2014\/03\/BiOsp3aIgAAjxoz-303x400.jpg 303w, https:\/\/www.servidasenred.net\/net\/wp-content\/uploads\/2014\/03\/BiOsp3aIgAAjxoz.jpg 427w\" sizes=\"(max-width: 190px) 100vw, 190px\" \/><\/a><p id=\"caption-attachment-390\" class=\"wp-caption-text\">Si las mujeres bajaran los brazos,<br \/> el cielo se caer\u00eda.<\/p><\/div>\n<h5 style=\"text-align: left;\"><\/h5>\n<div id=\"attachment_385\" style=\"width: 172px\" class=\"wp-caption alignright\"><a href=\"http:\/\/www.economiasolidaria.org\/files\/Mujeres_economia_solidaria_y_consumo_responsable.pdf\" target=\"_blank\"><img loading=\"lazy\" decoding=\"async\" aria-describedby=\"caption-attachment-385\" class=\" wp-image-385\" title=\"Abrir PDF en nueva pesta\u00f1a\" alt=\"\" src=\"http:\/\/www.servidasenred.net\/net\/wp-content\/uploads\/2014\/03\/mujeres-y-economia-solidaria_0.png\" width=\"162\" height=\"253\" srcset=\"https:\/\/www.servidasenred.net\/net\/wp-content\/uploads\/2014\/03\/mujeres-y-economia-solidaria_0.png 322w, https:\/\/www.servidasenred.net\/net\/wp-content\/uploads\/2014\/03\/mujeres-y-economia-solidaria_0-257x400.png 257w\" sizes=\"(max-width: 162px) 100vw, 162px\" \/><\/a><p id=\"caption-attachment-385\" class=\"wp-caption-text\">Mujeres, econom\u00eda solidaria<br \/> y consumo responsable<\/p><\/div>\n","protected":false},"excerpt":{"rendered":"<p>Joelle Palmieri, Dominique Foufelle han sido co-fundadoras de Les P\u00e9n\u00e9lopes, una agencia de prensa internacional feminista. Es particularmente interesante este art\u00edculo:\u00a0 Feminismo y econom\u00eda social y solidaria cedido expresamente por las autoras para Ciudad de Mujeres. &nbsp; La econom\u00eda solidaria&#8230;<\/p>\n","protected":false},"author":2,"featured_media":0,"parent":80,"menu_order":24,"comment_status":"closed","ping_status":"closed","template":"","meta":{"footnotes":""},"_links":{"self":[{"href":"https:\/\/www.servidasenred.net\/net\/wp-json\/wp\/v2\/pages\/88"}],"collection":[{"href":"https:\/\/www.servidasenred.net\/net\/wp-json\/wp\/v2\/pages"}],"about":[{"href":"https:\/\/www.servidasenred.net\/net\/wp-json\/wp\/v2\/types\/page"}],"author":[{"embeddable":true,"href":"https:\/\/www.servidasenred.net\/net\/wp-json\/wp\/v2\/users\/2"}],"replies":[{"embeddable":true,"href":"https:\/\/www.servidasenred.net\/net\/wp-json\/wp\/v2\/comments?post=88"}],"version-history":[{"count":0,"href":"https:\/\/www.servidasenred.net\/net\/wp-json\/wp\/v2\/pages\/88\/revisions"}],"up":[{"embeddable":true,"href":"https:\/\/www.servidasenred.net\/net\/wp-json\/wp\/v2\/pages\/80"}],"wp:attachment":[{"href":"https:\/\/www.servidasenred.net\/net\/wp-json\/wp\/v2\/media?parent=88"}],"curies":[{"name":"wp","href":"https:\/\/api.w.org\/{rel}","templated":true}]}}