{"id":92,"date":"2014-03-20T16:10:32","date_gmt":"2014-03-20T15:10:32","guid":{"rendered":"http:\/\/www.servidasenred.net\/net\/?page_id=92"},"modified":"2022-12-20T17:15:28","modified_gmt":"2022-12-20T16:15:28","slug":"redes-amigas","status":"publish","type":"page","link":"https:\/\/www.servidasenred.net\/net\/redes-amigas\/","title":{"rendered":"redes amigas"},"content":{"rendered":"<div class=\"su-heading su-heading-style-default su-heading-align-left\" id=\"\" style=\"font-size:7px;margin-bottom:0px\"><div class=\"su-heading-inner\">\n<h2><strong>Econom\u00eda social y solidaria<\/strong><\/h2>\n<\/div><\/div>\n<p>&nbsp;<\/p>\n<h3><img loading=\"lazy\" decoding=\"async\" class=\"size-full wp-image-557 alignleft\" src=\"http:\/\/www.servidasenred.net\/net\/wp-content\/uploads\/2014\/03\/Mercadillo-Rio-chico.jpg\" alt=\"Mercadillo R\u00edo Chico\" width=\"180\" height=\"120\" \/><strong>Mercadillo de R\u00edo Chico en \u00d3rgiva<\/strong><\/h3>\n<p><strong>Cada dos semanas<\/strong> el domingo por la ma\u00f1ana en la alameda del R\u00edo Chico.<\/p>\n<p>Puedes ofertar y encontrar objetos de segunda mano a muy buen precio.<\/p>\n<div class=\"su-divider su-divider-style-default\" style=\"margin:15px 0;border-width:3px;border-color:#999999\"><\/div>\n<h3><a href=\"https:\/\/www.facebook.com\/mercadillo.castaras\"><img loading=\"lazy\" decoding=\"async\" class=\"size-full wp-image-558 alignleft\" src=\"http:\/\/www.servidasenred.net\/net\/wp-content\/uploads\/2014\/03\/Foto-mercadillo-Castaras.jpg\" alt=\"Foto mercadillo C\u00e1staras\" width=\"180\" height=\"120\" \/><\/a><strong>Mercadillo popular de C\u00e1staras<\/strong><\/h3>\n<p><strong>El segundo domingo del mes<\/strong> de 10h a 14h en la plaza del pueblo.<\/p>\n<p>Encontrar\u00e1s productos de producci\u00f3n ecol\u00f3gica local.\u00a0\u00a0 <a href=\"https:\/\/www.facebook.com\/mercadillo.castaras\" class=\"su-button su-button-style-default\" style=\"color:#660099;background-color:#fff;border-color:#cccccc;border-radius:4px;-moz-border-radius:4px;-webkit-border-radius:4px\" target=\"_self\"><span style=\"color:#660099;padding:0px 14px;font-size:12px;line-height:24px;border-color:#ffffff;border-radius:4px;-moz-border-radius:4px;-webkit-border-radius:4px;text-shadow:none;-moz-text-shadow:none;-webkit-text-shadow:none\"> saber m\u00e1s&#8230;<\/span><\/a><div class=\"su-divider su-divider-style-default\" style=\"margin:15px 0;border-width:3px;border-color:#999999\"><\/div>\n<h3><a href=\"https:\/\/www.facebook.com\/groups\/asociacionlacolmena\/\"><img loading=\"lazy\" decoding=\"async\" class=\"size-full wp-image-560 alignleft\" src=\"http:\/\/www.servidasenred.net\/net\/wp-content\/uploads\/2014\/03\/La-colmena-alpujarrena.jpg\" alt=\"La colmena alpujarre\u00f1a\" width=\"180\" height=\"135\" \/><\/a><strong>Asociaci\u00f3n La colmena alpujarre\u00f1a<\/strong><\/h3>\n<p>Asociacion de productores y consumidores de productos ecol\u00f3gicos de la zona de C\u00e1diar.\u00a0\u00a0 <a href=\"https:\/\/www.facebook.com\/groups\/asociacionlacolmena\/\" class=\"su-button su-button-style-default\" style=\"color:#660099;background-color:#fff;border-color:#cccccc;border-radius:4px;-moz-border-radius:4px;-webkit-border-radius:4px\" target=\"_self\"><span style=\"color:#660099;padding:0px 14px;font-size:12px;line-height:24px;border-color:#ffffff;border-radius:4px;-moz-border-radius:4px;-webkit-border-radius:4px;text-shadow:none;-moz-text-shadow:none;-webkit-text-shadow:none\"> saber m\u00e1s&#8230;<\/span><\/a><div class=\"su-divider su-divider-style-default\" style=\"margin:15px 0;border-width:3px;border-color:#999999\"><\/div>\n<h3><a href=\"http:\/\/lasemillaviva.blogspot.com.es\/\"><img loading=\"lazy\" decoding=\"async\" class=\"size-full wp-image-563 alignleft\" src=\"http:\/\/www.servidasenred.net\/net\/wp-content\/uploads\/2014\/03\/La-semilla-viva.jpg\" alt=\"La semilla viva\" width=\"180\" height=\"120\" \/><\/a><strong>La semilla viva<\/strong><\/h3>\n<p>La Semilla Viva tiene como objetivo dar a conocer diferentes t\u00e9cnicas de permacultura y agricultura ecol\u00f3gica, dise\u00f1ar huertos familiares y mostrar una forma de vida en armon\u00eda con la naturaleza. Se ofrecen talleres y asesoramiento en el campo. \u00a0 <a href=\"http:\/\/lasemillaviva.blogspot.com.es\/\" class=\"su-button su-button-style-default\" style=\"color:#660099;background-color:#fff;border-color:#cccccc;border-radius:4px;-moz-border-radius:4px;-webkit-border-radius:4px\" target=\"_self\"><span style=\"color:#660099;padding:0px 14px;font-size:12px;line-height:24px;border-color:#ffffff;border-radius:4px;-moz-border-radius:4px;-webkit-border-radius:4px;text-shadow:none;-moz-text-shadow:none;-webkit-text-shadow:none\"> saber m\u00e1s&#8230;<\/span><\/a><div class=\"su-divider su-divider-style-default\" style=\"margin:15px 0;border-width:3px;border-color:#999999\"><\/div>\n<h3><img loading=\"lazy\" decoding=\"async\" class=\"size-full wp-image-565 alignleft\" src=\"http:\/\/www.servidasenred.net\/net\/wp-content\/uploads\/2014\/03\/Ecomercado-de-Granada.jpg\" alt=\"Ecomercado de Granada\" width=\"180\" height=\"139\" \/><strong>Ecomercado de Granada<\/strong><\/h3>\n<p><strong>El primer s\u00e1bado de cada mes<\/strong> junto al Palacio de Congresos.<\/p>\n<p>Es un espacio en el que se venden alimentos ecol\u00f3gicos\u00a0y productos no alimenticios que se respaldan en una propuesta ambiental clara.<\/p>\n<div class=\"su-divider su-divider-style-default\" style=\"margin:15px 0;border-width:3px;border-color:#999999\"><\/div>\n<h3><a href=\"https:\/\/www.facebook.com\/pages\/Mercao-Social-y-Cultural-de-Granada\/423946691022154\"><img loading=\"lazy\" decoding=\"async\" class=\"size-full wp-image-568 alignleft\" src=\"http:\/\/www.servidasenred.net\/net\/wp-content\/uploads\/2014\/03\/Mercao-social-y-cultural-Granada.jpg\" alt=\"Mercao social y cultural Granada\" width=\"180\" height=\"82\" \/><\/a><strong>Mercao social y cultural de Granada<\/strong><\/h3>\n<p>En un mundo dominado por los \u201cmercados\u201d, los poderosos de siempre, un grupo de personas y organizaciones de la econom\u00eda social y solidaria granadina hemos decidido poner en marcha nuestro mercao. \u00a0 <a href=\"https:\/\/www.facebook.com\/pages\/Mercao-Social-y-Cultural-de-Granada\/423946691022154\" class=\"su-button su-button-style-default\" style=\"color:#660099;background-color:#fff;border-color:#cccccc;border-radius:4px;-moz-border-radius:4px;-webkit-border-radius:4px\" target=\"_self\"><span style=\"color:#660099;padding:0px 14px;font-size:12px;line-height:24px;border-color:#ffffff;border-radius:4px;-moz-border-radius:4px;-webkit-border-radius:4px;text-shadow:none;-moz-text-shadow:none;-webkit-text-shadow:none\"> saber m\u00e1s&#8230;<\/span><\/a><div class=\"su-divider su-divider-style-default\" style=\"margin:15px 0;border-width:3px;border-color:#999999\"><\/div>\n<h3><a href=\"https:\/\/www.facebook.com\/ecovalle.lecrin\"><img loading=\"lazy\" decoding=\"async\" class=\"alignleft size-full wp-image-2231\" src=\"http:\/\/www.servidasenred.net\/net\/wp-content\/uploads\/2014\/03\/EcoValle1.jpg\" alt=\"EcoValle\" width=\"180\" height=\"90\" \/><\/a><strong>EcoValle Lecr\u00edn<br \/>\n<\/strong><\/h3>\n<p>Productos agroecol\u00f3gicos del Valle de Lecr\u00edn. \u00a1La huerta en tu cesta! VENTA Y DISTRIBUCI\u00d3N DE CESTAS DE VERDURA Y FRUTA ECOL\u00d3GICA EN LOS PUEBLOS DEL VALLE DE LECR\u00cdN Y GRANADA.<a href=\"https:\/\/www.facebook.com\/ecovalle.lecrin\" class=\"su-button su-button-style-default\" style=\"color:#660099;background-color:#fff;border-color:#cccccc;border-radius:4px;-moz-border-radius:4px;-webkit-border-radius:4px\" target=\"_self\"><span style=\"color:#660099;padding:0px 14px;font-size:12px;line-height:24px;border-color:#ffffff;border-radius:4px;-moz-border-radius:4px;-webkit-border-radius:4px;text-shadow:none;-moz-text-shadow:none;-webkit-text-shadow:none\"> saber m\u00e1s&#8230;<\/span><\/a>\n<div class=\"su-divider su-divider-style-default\" style=\"margin:15px 0;border-width:3px;border-color:#999999\"><\/div>\n<h3><a href=\"http:\/\/www.elblogalternativo.com\/\"><img loading=\"lazy\" decoding=\"async\" class=\"alignleft size-full wp-image-2217\" src=\"http:\/\/www.servidasenred.net\/net\/wp-content\/uploads\/2014\/03\/el-blog-alternativo.jpg\" alt=\"el-blog-alternativo\" width=\"180\" height=\"59\" \/><\/a><strong>El Blog Alternativo<br \/>\n<\/strong><\/h3>\n<p>Construyendo un mundo mejor.\u00a0\u00a0 <a href=\"http:\/\/www.elblogalternativo.com\/\" class=\"su-button su-button-style-default\" style=\"color:#660099;background-color:#fff;border-color:#cccccc;border-radius:4px;-moz-border-radius:4px;-webkit-border-radius:4px\" target=\"_self\"><span style=\"color:#660099;padding:0px 14px;font-size:12px;line-height:24px;border-color:#ffffff;border-radius:4px;-moz-border-radius:4px;-webkit-border-radius:4px;text-shadow:none;-moz-text-shadow:none;-webkit-text-shadow:none\"> saber m\u00e1s&#8230;<\/span><\/a>\n<div class=\"su-divider su-divider-style-default\" style=\"margin:15px 0;border-width:3px;border-color:#999999\"><\/div>\n<h3><a href=\"http:\/\/filigranasporelmundo.blogspot.com.es\/\"><img loading=\"lazy\" decoding=\"async\" class=\"alignleft size-full wp-image-2228\" src=\"http:\/\/1.bp.blogspot.com\/-W0V_ErJVWek\/Us70KKZUHdI\/AAAAAAAAAFI\/OZSs04WL79s\/s1600\/filigranas%2Bpor%2Bel%2Bmundo.jpg\" alt=\"sidecar\" width=\"180\" height=\"57\" \/><\/a><strong>Filigranas por el mundo<br \/>\n<\/strong><\/h3>\n<p>Filigranas por el Mundo nace de la inquietud y sensibilidad de un grupo de amigos por la cultura y los problemas medioambientales y sociales. <a href=\"http:\/\/filigranasporelmundo.blogspot.com.es\/\" class=\"su-button su-button-style-default\" style=\"color:#660099;background-color:#fff;border-color:#cccccc;border-radius:4px;-moz-border-radius:4px;-webkit-border-radius:4px\" target=\"_self\"><span style=\"color:#660099;padding:0px 14px;font-size:12px;line-height:24px;border-color:#ffffff;border-radius:4px;-moz-border-radius:4px;-webkit-border-radius:4px;text-shadow:none;-moz-text-shadow:none;-webkit-text-shadow:none\"> saber m\u00e1s&#8230;<\/span><\/a>\n<div class=\"su-divider su-divider-style-default\" style=\"margin:15px 0;border-width:3px;border-color:#999999\"><a href=\"#\" style=\"color:#999999\">Volver arriba<\/a><\/div>\n<div class=\"su-heading su-heading-style-default su-heading-align-left\" id=\"\" style=\"font-size:7px;margin-bottom:0px\"><div class=\"su-heading-inner\">\n<h2><strong>Feminismo<\/strong><\/h2>\n<\/div><\/div>\n<h3><a href=\"http:\/\/www.mujeresenred.net\/\"><img loading=\"lazy\" decoding=\"async\" class=\"alignleft size-full wp-image-2218\" src=\"http:\/\/www.servidasenred.net\/net\/wp-content\/uploads\/2014\/03\/mujeresenred.png\" alt=\"mujeresenred\" width=\"180\" height=\"41\" \/><\/a><strong>Mujeres en Red<br \/>\n<\/strong><\/h3>\n<p>El peri\u00f3dico Feminista. <a href=\"http:\/\/www.mujeresenred.net\/\" class=\"su-button su-button-style-default\" style=\"color:#660099;background-color:#fff;border-color:#cccccc;border-radius:4px;-moz-border-radius:4px;-webkit-border-radius:4px\" target=\"_self\"><span style=\"color:#660099;padding:0px 14px;font-size:12px;line-height:24px;border-color:#ffffff;border-radius:4px;-moz-border-radius:4px;-webkit-border-radius:4px;text-shadow:none;-moz-text-shadow:none;-webkit-text-shadow:none\"> saber m\u00e1s&#8230;<\/span><\/a>\n<div class=\"su-divider su-divider-style-default\" style=\"margin:15px 0;border-width:3px;border-color:#999999\"><\/div>\n<h3><a href=\"http:\/\/www.amecopress.net\/\"><img loading=\"lazy\" decoding=\"async\" class=\"alignleft size-full wp-image-2220\" src=\"http:\/\/www.servidasenred.net\/net\/wp-content\/uploads\/2014\/03\/ameco-press.jpg\" alt=\"ameco-press\" width=\"180\" height=\"85\" \/><\/a><strong>Ameco Press<br \/>\n<\/strong><\/h3>\n<p>Informaci\u00f3n para la Igualdad. <a href=\"http:\/\/www.amecopress.net\/\" class=\"su-button su-button-style-default\" style=\"color:#660099;background-color:#fff;border-color:#cccccc;border-radius:4px;-moz-border-radius:4px;-webkit-border-radius:4px\" target=\"_self\"><span style=\"color:#660099;padding:0px 14px;font-size:12px;line-height:24px;border-color:#ffffff;border-radius:4px;-moz-border-radius:4px;-webkit-border-radius:4px;text-shadow:none;-moz-text-shadow:none;-webkit-text-shadow:none\"> saber m\u00e1s&#8230;<\/span><\/a>\n<div class=\"su-divider su-divider-style-default\" style=\"margin:15px 0;border-width:3px;border-color:#999999\"><\/div>\n<h3><a href=\"http:\/\/redecofeminista.com\/\"><img loading=\"lazy\" decoding=\"async\" class=\"alignleft size-full wp-image-2224\" src=\"http:\/\/www.servidasenred.net\/net\/wp-content\/uploads\/2014\/03\/red_ecofeminista.jpg\" alt=\"red_ecofeminista\" width=\"180\" height=\"60\" \/><\/a><strong>Red Ecofeminista<br \/>\n<\/strong><\/h3>\n<p>Grupo para apoyar que el ecofeminismo sea una opci\u00f3n cada vez m\u00e1s aceptada y valorada por las personas que quieren un cambio de modelo pol\u00edtico y \u00e9tico. Nuestros valores son el ecologismo pol\u00edtico, la \u00e9tica ambiental y el feminismo. <a href=\"https:\/\/redecofeminista.wordpress.com\/\" class=\"su-button su-button-style-default\" style=\"color:#660099;background-color:#fff;border-color:#cccccc;border-radius:4px;-moz-border-radius:4px;-webkit-border-radius:4px\" target=\"_self\"><span style=\"color:#660099;padding:0px 14px;font-size:12px;line-height:24px;border-color:#ffffff;border-radius:4px;-moz-border-radius:4px;-webkit-border-radius:4px;text-shadow:none;-moz-text-shadow:none;-webkit-text-shadow:none\"> saber m\u00e1s&#8230;<\/span><\/a>\n<div class=\"su-divider su-divider-style-default\" style=\"margin:15px 0;border-width:3px;border-color:#999999\"><\/div>\n<h3><img loading=\"lazy\" decoding=\"async\" class=\"size-full wp-image-4403 alignleft\" src=\"http:\/\/www.servidasenred.net\/net\/wp-content\/uploads\/2022\/12\/logoactual.png\" alt=\"\" width=\"237\" height=\"64\" \/><strong> e- MUJERES.NET<\/strong><\/h3>\n<p>Es una organizaci\u00f3n feminista que pretende contribuir a la construcci\u00f3n de v\u00edas alternativas de pensamiento y gesti\u00f3n del conocimiento, mediante un sistema que permita tejer redes sociales, redes digitales y estructuras o plataformas de liderazgo de las mujeres para impulsar la incorporaci\u00f3n de las mujeres a la Sociedad de la Informaci\u00f3n.\u00a0<a href=\"http:\/\/e-mujeres.net\/\" class=\"su-button su-button-style-default\" style=\"color:#660099;background-color:#fff;border-color:#cccccc;border-radius:4px;-moz-border-radius:4px;-webkit-border-radius:4px\" target=\"_self\"><span style=\"color:#660099;padding:0px 14px;font-size:12px;line-height:24px;border-color:#ffffff;border-radius:4px;-moz-border-radius:4px;-webkit-border-radius:4px;text-shadow:none;-moz-text-shadow:none;-webkit-text-shadow:none\"> saber m\u00e1s&#8230;<\/span><\/a>\n<div class=\"su-divider su-divider-style-default\" style=\"margin:15px 0;border-width:3px;border-color:#999999\"><\/div>\n<h3><a href=\"http:\/\/singenerodedudas.com\/\"><img loading=\"lazy\" decoding=\"async\" class=\"alignleft size-full wp-image-2222\" src=\"http:\/\/www.servidasenred.net\/net\/wp-content\/uploads\/2014\/03\/SGD.jpg\" alt=\"SGD\" width=\"180\" height=\"46\" \/><\/a><strong>Sin G\u00c9NERO de DUDAS<br \/>\n<\/strong><\/h3>\n<p>Un instrumento de Econom\u00eda del conocimiento. <a href=\"http:\/\/singenerodedudas.com\/\" class=\"su-button su-button-style-default\" style=\"color:#660099;background-color:#fff;border-color:#cccccc;border-radius:4px;-moz-border-radius:4px;-webkit-border-radius:4px\" target=\"_self\"><span style=\"color:#660099;padding:0px 14px;font-size:12px;line-height:24px;border-color:#ffffff;border-radius:4px;-moz-border-radius:4px;-webkit-border-radius:4px;text-shadow:none;-moz-text-shadow:none;-webkit-text-shadow:none\"> saber m\u00e1s&#8230;<\/span><\/a>\n<div class=\"su-divider su-divider-style-default\" style=\"margin:15px 0;border-width:3px;border-color:#999999\"><\/div>\n<p>&nbsp;<\/p>\n<p><strong> <img decoding=\"async\" id=\"cabecera\" src=\"http:\/\/desmontandoalapili.com\/wp-content\/uploads\/2013\/02\/logo-desmontando-a-la-pili.jpg\" alt=\"Logo Desmontando a la Pili\" \/><\/strong><\/p>\n<p><strong>La Pili<\/strong><strong>\u00a0representa todo aquello que est\u00e1 en nosotras mismas<\/strong>\u00a0y que nos impide vivir nuestro sexo de un modo libre y alegre. <strong>La Pili\u00a0\u00a0 son los miedos, los tab\u00faes, las inseguridades, dudas, frustraciones y represiones\u00a0<\/strong>que sentimos con respecto a nuestras vivencias sexuales y afectivas. <a href=\"http:\/\/desmontandoalapili.com\/quienes-somos\/\" class=\"su-button su-button-style-default\" style=\"color:#660099;background-color:#fff;border-color:#cccccc;border-radius:4px;-moz-border-radius:4px;-webkit-border-radius:4px\" target=\"_self\"><span style=\"color:#660099;padding:0px 14px;font-size:12px;line-height:24px;border-color:#ffffff;border-radius:4px;-moz-border-radius:4px;-webkit-border-radius:4px;text-shadow:none;-moz-text-shadow:none;-webkit-text-shadow:none\"> saber m\u00e1s&#8230;<\/span><\/a>\n<div class=\"su-divider su-divider-style-default\" style=\"margin:15px 0;border-width:3px;border-color:#999999\"><\/div>\n<p>&nbsp;<\/p>\n<h3><a href=\"http:\/\/www.pikaramagazine.com\/\"><img loading=\"lazy\" decoding=\"async\" class=\"alignleft size-full wp-image-2222\" src=\"http:\/\/3.bp.blogspot.com\/_5iG96sCg1NA\/TTCQguseY7I\/AAAAAAAAAPA\/cEoc75_iMJ8\/s1600\/pikara%2Bmagazine.bmp\" alt=\"SGD\" width=\"180\" height=\"46\" \/><\/a><strong>P\u00edkara magazine<br \/>\n<\/strong><\/h3>\n<p>Pikara Magazine propone un periodismo de calidad, con perspectiva de g\u00e9nero, protagonizado por personas e historias que rara vez aparecen en los medios. Tratamos todos los temas que te interesan con un enfoque distinto: incisivo, inclusivo, comprometido, transgresor y disfrut\u00f3n. <a href=\"http:\/\/www.pikaramagazine.com\/\" class=\"su-button su-button-style-default\" style=\"color:#660099;background-color:#fff;border-color:#cccccc;border-radius:4px;-moz-border-radius:4px;-webkit-border-radius:4px\" target=\"_self\"><span style=\"color:#660099;padding:0px 14px;font-size:12px;line-height:24px;border-color:#ffffff;border-radius:4px;-moz-border-radius:4px;-webkit-border-radius:4px;text-shadow:none;-moz-text-shadow:none;-webkit-text-shadow:none\"> saber m\u00e1s&#8230;<\/span><\/a>\n<div class=\"su-divider su-divider-style-default\" style=\"margin:15px 0;border-width:3px;border-color:#999999\"><a href=\"#\" style=\"color:#999999\">Volver arriba<\/a><\/div>\n<div class=\"su-heading su-heading-style-default su-heading-align-left\" id=\"\" style=\"font-size:7px;margin-bottom:0px\"><div class=\"su-heading-inner\">\n<h2><strong>Medios de informaci\u00f3n<\/strong><\/h2>\n<\/div><\/div>\n<h3><a href=\"http:\/\/www.diagonalperiodico.net\/\"><img loading=\"lazy\" decoding=\"async\" class=\"wp-image-571 alignleft\" src=\"http:\/\/www.servidasenred.net\/net\/wp-content\/uploads\/2014\/03\/diagonal-.jpg\" alt=\"diagonal\" width=\"167\" height=\"142\" \/><\/a><\/h3>\n<h3><\/h3>\n<p>&nbsp;<\/p>\n<h3><strong>Diagonal. <\/strong>Peri\u00f3dico quincenal de actualidad cr\u00edtica<\/h3>\n<p>Se puede encontrar la edici\u00f3n impresa en el Rastrillo de la Asoc. de Mujeres de \u00d3rgiva, los jueves por la ma\u00f1ana. <a href=\"http:\/\/www.diagonalperiodico.net\/\" class=\"su-button su-button-style-default\" style=\"color:#660099;background-color:#fff;border-color:#cccccc;border-radius:4px;-moz-border-radius:4px;-webkit-border-radius:4px\" target=\"_self\"><span style=\"color:#660099;padding:0px 14px;font-size:12px;line-height:24px;border-color:#ffffff;border-radius:4px;-moz-border-radius:4px;-webkit-border-radius:4px;text-shadow:none;-moz-text-shadow:none;-webkit-text-shadow:none\"> saber m\u00e1s&#8230;<\/span><\/a>\n<div class=\"su-divider su-divider-style-default\" style=\"margin:15px 0;border-width:3px;border-color:#999999\"><\/div>\n<h3><strong><img loading=\"lazy\" decoding=\"async\" class=\"alignleft\" src=\"http:\/\/www.historiasdeluz.es\/wp-content\/uploads\/2014\/04\/logohdl_es-es1.jpg\" alt=\"Historias de Luz\" width=\"173\" height=\"76\" \/>HISTORIAS DE LUZ<br \/>\n<\/strong><\/h3>\n<p><strong>\u00abHistorias de Luz\u00bb<\/strong> es una agencia de noticias audiovisuales que difunde una imagen de Andaluc\u00eda alejada de los t\u00f3picos a trav\u00e9s de las historias de personas, empresas y colectivos andaluces que desarrollan proyectos innovadores,\u00a0 pioneros y originales relacionados con el compromiso, la modernidad, el emprendimiento, la sostenibilidad, el liderazgo\u2026 <a href=\"http:\/\/www.historiasdeluz.es\/\" class=\"su-button su-button-style-default\" style=\"color:#660099;background-color:#fff;border-color:#cccccc;border-radius:4px;-moz-border-radius:4px;-webkit-border-radius:4px\" target=\"_self\"><span style=\"color:#660099;padding:0px 14px;font-size:12px;line-height:24px;border-color:#ffffff;border-radius:4px;-moz-border-radius:4px;-webkit-border-radius:4px;text-shadow:none;-moz-text-shadow:none;-webkit-text-shadow:none\"> saber m\u00e1s&#8230;<\/span><\/a>\n<div class=\"su-divider su-divider-style-default\" style=\"margin:15px 0;border-width:3px;border-color:#999999\"><\/div>\n<h3><a href=\"http:\/\/www.lamarea.com\/\"><img loading=\"lazy\" decoding=\"async\" class=\"size-full wp-image-573 alignleft\" src=\"http:\/\/www.servidasenred.net\/net\/wp-content\/uploads\/2014\/03\/lamarea.jpg\" alt=\"lamarea\" width=\"180\" height=\"99\" \/><\/a><\/h3>\n<h3><\/h3>\n<h3><strong>la marea. <\/strong>Revista mensual de la cooperativa M\u00e1s P\u00fablico<\/h3>\n<p>La puedes encontrar, a partir del \u00faltimo viernes de cada mes, en los quioscos de Madrid, Barcelona, Sevilla, Granada&#8230; y medio centenar de localidades. <a href=\"http:\/\/www.lamarea.com\/\" class=\"su-button su-button-style-default\" style=\"color:#660099;background-color:#fff;border-color:#cccccc;border-radius:4px;-moz-border-radius:4px;-webkit-border-radius:4px\" target=\"_self\"><span style=\"color:#660099;padding:0px 14px;font-size:12px;line-height:24px;border-color:#ffffff;border-radius:4px;-moz-border-radius:4px;-webkit-border-radius:4px;text-shadow:none;-moz-text-shadow:none;-webkit-text-shadow:none\"> saber m\u00e1s&#8230;<\/span><\/a>\n<div class=\"su-divider su-divider-style-default\" style=\"margin:15px 0;border-width:3px;border-color:#999999\"><\/div>\n<h3><a href=\"http:\/\/www.infolibre.es\/\"><img loading=\"lazy\" decoding=\"async\" class=\" wp-image-575 alignleft\" src=\"http:\/\/www.servidasenred.net\/net\/wp-content\/uploads\/2014\/03\/infolibre.jpg\" alt=\"infoLibre\" width=\"147\" height=\"147\" srcset=\"https:\/\/www.servidasenred.net\/net\/wp-content\/uploads\/2014\/03\/infolibre.jpg 180w, https:\/\/www.servidasenred.net\/net\/wp-content\/uploads\/2014\/03\/infolibre-150x150.jpg 150w\" sizes=\"(max-width: 147px) 100vw, 147px\" \/><\/a><\/h3>\n<h3><\/h3>\n<h3><strong>infoLibre. <\/strong>Informaci\u00f3n libre e independiente<\/h3>\n<p>Propuesta informativa y c\u00edvica que nace en el momento en que la crisis econ\u00f3mica amenaza tanto a la democracia como al periodismo, subordinados cada vez m\u00e1s a los intereses del poder econ\u00f3mico y financiero. <a href=\"http:\/\/www.infolibre.es\/\" class=\"su-button su-button-style-default\" style=\"color:#660099;background-color:#fff;border-color:#cccccc;border-radius:4px;-moz-border-radius:4px;-webkit-border-radius:4px\" target=\"_self\"><span style=\"color:#660099;padding:0px 14px;font-size:12px;line-height:24px;border-color:#ffffff;border-radius:4px;-moz-border-radius:4px;-webkit-border-radius:4px;text-shadow:none;-moz-text-shadow:none;-webkit-text-shadow:none\"> saber m\u00e1s&#8230;<\/span><\/a>\n<div class=\"su-divider su-divider-style-default\" style=\"margin:15px 0;border-width:3px;border-color:#999999\"><a href=\"#\" style=\"color:#999999\">Volver arriba<\/a><\/div>\n<div class=\"su-heading su-heading-style-default su-heading-align-left\" id=\"\" style=\"font-size:7px;margin-bottom:0px\"><div class=\"su-heading-inner\">\n<h2><strong>Cultura<\/strong><\/h2>\n<\/div><\/div>\n<p>&nbsp;<\/p>\n<p><img loading=\"lazy\" decoding=\"async\" class=\"wp-image-4405 size-full alignleft\" src=\"http:\/\/www.servidasenred.net\/net\/wp-content\/uploads\/2022\/12\/logorelatoras.png\" alt=\"\" width=\"250\" height=\"107\" \/><strong>RELATORAS<\/strong><\/p>\n<p>Relatoras es un proyecto dedicado a las mujeres. Aunque nuestra sede est\u00e1 en Sevilla, Espa\u00f1a, la parte m\u00e1s importante de nuestro trabajo es virtual e involucra a personas de todo el planeta. El proyecto consiste en una librer\u00eda y una escuela independiente, en la que impartimos talleres presenciales y virtuales que acompa\u00f1an a las mujeres hacia el empoderamiento. <a href=\"http:\/\/campusrelatoras.com\/\/\" class=\"su-button su-button-style-default\" style=\"color:#660099;background-color:#fff;border-color:#cccccc;border-radius:4px;-moz-border-radius:4px;-webkit-border-radius:4px\" target=\"_self\"><span style=\"color:#660099;padding:0px 14px;font-size:12px;line-height:24px;border-color:#ffffff;border-radius:4px;-moz-border-radius:4px;-webkit-border-radius:4px;text-shadow:none;-moz-text-shadow:none;-webkit-text-shadow:none\"> saber m\u00e1s&#8230;<\/span><\/a>\u00a0<a title=\"relatoras\" href=\"http:\/\/campusrelatoras.com\/\"><br \/>\n<\/a><\/p>\n<div class=\"su-divider su-divider-style-default\" style=\"margin:15px 0;border-width:3px;border-color:#999999\"><\/div>\n<h3><a href=\"http:\/\/sidecarlibros.blogspot.com.es\/\"><img loading=\"lazy\" decoding=\"async\" class=\"alignleft size-full wp-image-2228\" src=\"http:\/\/www.servidasenred.net\/net\/wp-content\/uploads\/2014\/03\/sidecar.jpg\" alt=\"sidecar\" width=\"180\" height=\"57\" \/><\/a><strong>Sidecar. Libros, sobre ruedas.<br \/>\n<\/strong><\/h3>\n<p>Una librer\u00eda ambulante, o virtual. Atendemos cualquier pedido, aunque nuestra especialidad son los libros de\/ sobre\/ por\/ para\/ seg\u00fan las mujeres. <a href=\"http:\/\/sidecarlibros.blogspot.com.es\/\" class=\"su-button su-button-style-default\" style=\"color:#660099;background-color:#fff;border-color:#cccccc;border-radius:4px;-moz-border-radius:4px;-webkit-border-radius:4px\" target=\"_self\"><span style=\"color:#660099;padding:0px 14px;font-size:12px;line-height:24px;border-color:#ffffff;border-radius:4px;-moz-border-radius:4px;-webkit-border-radius:4px;text-shadow:none;-moz-text-shadow:none;-webkit-text-shadow:none\"> saber m\u00e1s&#8230;<\/span><\/a>\n<div class=\"su-divider su-divider-style-default\" style=\"margin:15px 0;border-width:3px;border-color:#999999\"><\/div>\n<p><img loading=\"lazy\" decoding=\"async\" id=\"Image1_img\" class=\"alignleft\" src=\"http:\/\/1.bp.blogspot.com\/-ZoAOqraeUhY\/UnJUpjmetRI\/AAAAAAAABBI\/lS_XuNR_NK4\/s1600\/banderola_reducida.JPG\" alt=\"oOoOoOoOoOoOoOoOo\" width=\"160\" height=\"160\" \/>\u00a0\u00a0\u00a0\u00a0\u00a0<strong>\u00a0 MUJERES Y COMPA\u00d1IA. LA LIBRERIA<\/strong><\/p>\n<p>Un SuE\u00d1o.<br \/>\nUn proyecto nacido de la fOrtAleZa de seguir adelante, luchando por lo que crees.<br \/>\nUna librer\u00eda como eSpaCIo dE eNcuEntRo.<br \/>\nDe reLaciONeS&#8230;.<br \/>\nDe CoMpLIciDAdeS&#8230;<\/p>\n<p>Hemos recorrido un camino con dificultades, pero tambi\u00e9n lleno de personas que nos hab\u00e9is apoyado firme y amorosamente&#8230;<br \/>\nY por eso estamos aqu\u00ed&#8230; porque fruto de este camino recorrido entre libros y relaciones de apoyo, como un gesto de libertad, nace :<\/p>\n<p>&#8216;Mujeres&amp;Compa\u00f1\u00eda. LaLibrer\u00eda&#8217;.<\/p>\n<a href=\"http:\/\/mujeresycialibreria.blogspot.com.es\/\" class=\"su-button su-button-style-default\" style=\"color:#660099;background-color:#fff;border-color:#cccccc;border-radius:4px;-moz-border-radius:4px;-webkit-border-radius:4px\" target=\"_self\"><span style=\"color:#660099;padding:0px 14px;font-size:12px;line-height:24px;border-color:#ffffff;border-radius:4px;-moz-border-radius:4px;-webkit-border-radius:4px;text-shadow:none;-moz-text-shadow:none;-webkit-text-shadow:none\"> saber m\u00e1s&#8230;<\/span><\/a>\n<div class=\"su-divider su-divider-style-default\" style=\"margin:15px 0;border-width:3px;border-color:#999999\"><\/div>\n<h3><a href=\"http:\/\/www.nodo50.org\/cala\/\"><img loading=\"lazy\" decoding=\"async\" class=\"alignleft size-full wp-image-2228\" src=\"https:\/\/encrypted-tbn1.gstatic.com\/images?q=tbn:ANd9GcSOPnbYMDWj1PZh7fhnwZvnL_MYHYWAYH1NFXPRx2eg0oba2oZq8w\" alt=\"sidecar\" width=\"180\" height=\"57\" \/><\/a><strong>CALA<br \/>\n<\/strong><\/h3>\n<p>Cala, Centro alternativo de aprendizaje. <a href=\"http:\/\/www.nodo50.org\/cala\/\" class=\"su-button su-button-style-default\" style=\"color:#660099;background-color:#fff;border-color:#cccccc;border-radius:4px;-moz-border-radius:4px;-webkit-border-radius:4px\" target=\"_self\"><span style=\"color:#660099;padding:0px 14px;font-size:12px;line-height:24px;border-color:#ffffff;border-radius:4px;-moz-border-radius:4px;-webkit-border-radius:4px;text-shadow:none;-moz-text-shadow:none;-webkit-text-shadow:none\"> saber m\u00e1s&#8230;<\/span><\/a>\n<div class=\"su-divider su-divider-style-default\" style=\"margin:15px 0;border-width:3px;border-color:#999999\"><a href=\"#\" style=\"color:#999999\">Volver arriba<\/a><\/div>\n<div class=\"su-heading su-heading-style-default su-heading-align-left\" id=\"\" style=\"font-size:7px;margin-bottom:0px\"><div class=\"su-heading-inner\">\n<h2><strong>Otros<\/strong><\/h2>\n<\/div><\/div>\n<h3><a href=\"http:\/\/www.guadalinfo.es\"><img loading=\"lazy\" decoding=\"async\" class=\"alignleft size-full wp-image-2228\" src=\"https:\/\/encrypted-tbn1.gstatic.com\/images?q=tbn:ANd9GcStwmXFGdT2F1Vm9eqfIYLqxxUcgY4A0UImmYLhYL2Jb6DZ-u61\" alt=\"sidecar\" width=\"120\" height=\"40\" \/><\/a><strong>Guadalinfo<br \/>\n<\/strong><\/h3>\n<p>La red de innovaci\u00f3n social de Andaluc\u00eda. <a href=\"http:\/\/www.guadalinfo.es\/\" class=\"su-button su-button-style-default\" style=\"color:#660099;background-color:#fff;border-color:#cccccc;border-radius:4px;-moz-border-radius:4px;-webkit-border-radius:4px\" target=\"_self\"><span style=\"color:#660099;padding:0px 14px;font-size:12px;line-height:24px;border-color:#ffffff;border-radius:4px;-moz-border-radius:4px;-webkit-border-radius:4px;text-shadow:none;-moz-text-shadow:none;-webkit-text-shadow:none\"> saber m\u00e1s&#8230;<\/span><\/a>\n<div class=\"su-divider su-divider-style-default\" style=\"margin:15px 0;border-width:3px;border-color:#999999\"><a href=\"#\" style=\"color:#999999\">Volver arriba<\/a><\/div>\n","protected":false},"excerpt":{"rendered":"<p>&nbsp; Mercadillo de R\u00edo Chico en \u00d3rgiva Cada dos semanas el domingo por la ma\u00f1ana en la alameda del R\u00edo Chico. Puedes ofertar y encontrar objetos de segunda mano a muy buen precio. Mercadillo popular de C\u00e1staras El segundo domingo&#8230;<\/p>\n","protected":false},"author":2,"featured_media":0,"parent":0,"menu_order":40,"comment_status":"closed","ping_status":"closed","template":"","meta":{"footnotes":""},"_links":{"self":[{"href":"https:\/\/www.servidasenred.net\/net\/wp-json\/wp\/v2\/pages\/92"}],"collection":[{"href":"https:\/\/www.servidasenred.net\/net\/wp-json\/wp\/v2\/pages"}],"about":[{"href":"https:\/\/www.servidasenred.net\/net\/wp-json\/wp\/v2\/types\/page"}],"author":[{"embeddable":true,"href":"https:\/\/www.servidasenred.net\/net\/wp-json\/wp\/v2\/users\/2"}],"replies":[{"embeddable":true,"href":"https:\/\/www.servidasenred.net\/net\/wp-json\/wp\/v2\/comments?post=92"}],"version-history":[{"count":4,"href":"https:\/\/www.servidasenred.net\/net\/wp-json\/wp\/v2\/pages\/92\/revisions"}],"predecessor-version":[{"id":4406,"href":"https:\/\/www.servidasenred.net\/net\/wp-json\/wp\/v2\/pages\/92\/revisions\/4406"}],"wp:attachment":[{"href":"https:\/\/www.servidasenred.net\/net\/wp-json\/wp\/v2\/media?parent=92"}],"curies":[{"name":"wp","href":"https:\/\/api.w.org\/{rel}","templated":true}]}}